{"id":157,"date":"2022-03-09T11:25:06","date_gmt":"2022-03-09T11:25:06","guid":{"rendered":"https:\/\/iascareproject.us.edu.pl\/?page_id=157"},"modified":"2022-03-15T19:00:50","modified_gmt":"2022-03-15T19:00:50","slug":"programme","status":"publish","type":"page","link":"https:\/\/iascareproject.us.edu.pl\/index.php\/programme\/","title":{"rendered":"Program (PL)"},"content":{"rendered":"<hr \/>\n<p><strong><a href=\"https:\/\/iascareproject.us.edu.pl\/index.php\/conference\/\">Konferencja<\/a> \u00a0\u00a0\u00a0\u00a0\u00a0\u00a0\u00a0\u00a0\u00a0\u00a0\u00a0\u00a0 <a href=\"https:\/\/iascareproject.us.edu.pl\/index.php\/rodo-pl\/\">RODO<\/a><\/strong><\/p>\n<hr \/>\n<p><strong>PROGRAM KONFERENCJI OTWIERAJ\u0104CEJ <\/strong><\/p>\n<p><strong>Projekt <\/strong><\/p>\n<p><strong>\u201eZintegrowane podej\u015bcie do ochrony ekosystem\u00f3w przed inwazyjnymi ro\u015blinami obcymi w po\u0142udniowej Polsce \u2013 IAS\/EcoSystemCARE\u201d <\/strong><\/p>\n<p><strong>w ramach Programu Operacyjnego \u201e\u015arodowisko, Energia i Zmiany Klimatu\u201d, finansowanego ze \u015brodk\u00f3w Mechanizmu Finansowego EOG 2014-2021<br \/>\nna \u201eZwi\u0119kszenie ochrony ekosystem\u00f3w przed inwazyjnymi gatunkami obcymi\u201d<\/strong><\/p>\n<p><strong>16 marca 2022 r., Uniwersytet \u015al\u0105ski w Katowicach<\/strong><\/p>\n<p>Konferencja w trybie online (na Platformie TEAMS)<\/p>\n<hr \/>\n<p><strong>SESJA I<\/strong><\/p>\n<p><strong><em>9.15 \u2013 9.40<\/em><\/strong>\u00a0\u00a0\u00a0\u00a0\u00a0\u00a0\u00a0 Oficjalne rozpocz\u0119cie konferencji, powitanie Go\u015bci<\/p>\n<p><strong><em>9.40 \u2013 10.00<\/em><\/strong> \u00a0\u00a0\u00a0\u00a0 Prezentacja Programu \u015arodowisko, Energia i Zmiany Klimatu oraz jego instrument\u00f3w finansowych <em>Alina Urbisz, Uniwersytet \u015al\u0105ski<\/em><\/p>\n<p><strong><em>10.00 \u2013 10.30<\/em><\/strong> \u00a0\u00a0 Zwi\u0119kszenie ochrony ekosystem\u00f3w przed inwazyjnymi gatunkami obcymi \u2013 podstawy prawne, naukowe i praktyczne <em>Barbara Tokarska-Guzik,<\/em> <em>Uniwersytet \u015al\u0105ski<\/em><\/p>\n<p><strong><em>10.30 \u2013 10.45<\/em><\/strong> \u00a0\u00a0 Przedstawienie g\u0142\u00f3wnych za\u0142o\u017ce\u0144 i cel\u00f3w projektu <em>Katarzyna Bzd\u0119ga<\/em>, <em>Uniwersytet \u015al\u0105ski<\/em><\/p>\n<p><strong><em>10.45 \u2013 11.15<\/em><\/strong> \u00a0\u00a0 Wyst\u0105pienie przedstawiciela Pa\u0144stw Darczy\u0144c\u00f3w <em>Wiktoria Kaczmarek-Derda,<\/em> <em>Norwegian Institute of Bioeconomy Research<\/em><em> NIBIO<\/em><\/p>\n<p><strong><em>11.15 \u2013 11.30<\/em><\/strong> \u00a0\u00a0 Przerwa<\/p>\n<hr \/>\n<p><strong>SESJA II<\/strong><\/p>\n<p><strong><em>11.30 \u2013 14.30<\/em><\/strong> \u00a0\u00a0 Prezentacja dzia\u0142a\u0144 planowanych w projekcie przez pryzmat w\u0142asnych do\u015bwiadcze\u0144 \u2013 Partnerzy Projektu<\/p>\n<p><strong><em>11.30 \u2013 12.00\u00a0\u00a0\u00a0 <\/em><\/strong><em>Uniwersytet Rolniczy im. H. Ko\u0142\u0142\u0105taja w Krakowie<\/em> <em>\u2013 <\/em><em>Agnieszka Synowiec, Renata B\u0105czek-Kwinta, Beata Grygierzec<\/em><\/p>\n<p><strong><em>12.00 \u2013 12.30\u00a0\u00a0\u00a0 <\/em><\/strong><em>Instytut Technologiczno-Przyrodniczy Pa\u0144stwowy Instytut Badawczy <\/em><em>\u2013 <\/em><em>Marta Czarniecka-Wiera<\/em><\/p>\n<p><strong><em>12.30 \u2013 13.00\u00a0\u00a0\u00a0 <\/em><\/strong><em>Magurski Park Narodowy <\/em><em>\u2013 <\/em><em>Jacek Borek<\/em><\/p>\n<p><strong><em>13.00 \u2013 13.30<\/em><\/strong>\u00a0\u00a0\u00a0 <em>Instytut Zootechniki &#8211; Pa\u0144stwowy Instytut Badawczy <\/em><em>\u2013 <\/em><em>Jacek Sikora<\/em><\/p>\n<p><strong><em>13.30 \u2013 14.00<\/em><\/strong>\u00a0\u00a0\u00a0 <em>Instytut Ochrony Przyrody Polskiej Akademii Nauk w Krakowie <\/em><em>\u2013<br \/>\n<\/em><em>Wojciech Solarz<\/em><\/p>\n<p><strong><em>14.00 \u2013 14.30<\/em><\/strong> \u00a0\u00a0 Dzia\u0142ania informacyjno-edukacyjne w projekcie <em>Uniwersytet \u015al\u0105ski<\/em><em>, <\/em><em>Agnieszka Siemieniuk <\/em><em>Uniwersytet Rolniczy im. H. Ko\u0142\u0142\u0105taja w Krakowie,<\/em><em>\u00a0 Dorota Gala-Czekaj<\/em><\/p>\n<p><strong><em>14.30 \u2013 15.00<\/em><\/strong> \u00a0\u00a0\u00a0Dyskusja i podsumowanie konferencji.<\/p>\n<hr \/>\n<p>&nbsp;<\/p>\n","protected":false},"excerpt":{"rendered":"<p>Konferencja \u00a0\u00a0\u00a0\u00a0\u00a0\u00a0\u00a0\u00a0\u00a0\u00a0\u00a0\u00a0 RODO PROGRAM KONFERENCJI OTWIERAJ\u0104CEJ Projekt \u201eZintegrowane podej\u015bcie do ochrony ekosystem\u00f3w przed inwazyjnymi ro\u015blinami obcymi w po\u0142udniowej Polsce \u2013 IAS\/EcoSystemCARE\u201d w ramach Programu Operacyjnego \u201e\u015arodowisko, Energia i Zmiany Klimatu\u201d, finansowanego ze \u015brodk\u00f3w Mechanizmu Finansowego EOG 2014-2021 na \u201eZwi\u0119kszenie ochrony ekosystem\u00f3w przed inwazyjnymi gatunkami obcymi\u201d 16 marca 2022 r., Uniwersytet [&hellip;]<\/p>\n","protected":false},"author":1,"featured_media":0,"parent":0,"menu_order":0,"comment_status":"closed","ping_status":"closed","template":"","meta":{"footnotes":""},"class_list":["post-157","page","type-page","status-publish","hentry"],"_links":{"self":[{"href":"https:\/\/iascareproject.us.edu.pl\/index.php\/wp-json\/wp\/v2\/pages\/157","targetHints":{"allow":["GET"]}}],"collection":[{"href":"https:\/\/iascareproject.us.edu.pl\/index.php\/wp-json\/wp\/v2\/pages"}],"about":[{"href":"https:\/\/iascareproject.us.edu.pl\/index.php\/wp-json\/wp\/v2\/types\/page"}],"author":[{"embeddable":true,"href":"https:\/\/iascareproject.us.edu.pl\/index.php\/wp-json\/wp\/v2\/users\/1"}],"replies":[{"embeddable":true,"href":"https:\/\/iascareproject.us.edu.pl\/index.php\/wp-json\/wp\/v2\/comments?post=157"}],"version-history":[{"count":9,"href":"https:\/\/iascareproject.us.edu.pl\/index.php\/wp-json\/wp\/v2\/pages\/157\/revisions"}],"predecessor-version":[{"id":310,"href":"https:\/\/iascareproject.us.edu.pl\/index.php\/wp-json\/wp\/v2\/pages\/157\/revisions\/310"}],"wp:attachment":[{"href":"https:\/\/iascareproject.us.edu.pl\/index.php\/wp-json\/wp\/v2\/media?parent=157"}],"curies":[{"name":"wp","href":"https:\/\/api.w.org\/{rel}","templated":true}]}}